{"id":10829,"date":"2021-12-10T11:15:11","date_gmt":"2021-12-10T11:15:11","guid":{"rendered":"https:\/\/grc-essentials.eu\/?page_id=10829"},"modified":"2026-09-04T09:17:55","modified_gmt":"2026-09-04T09:17:55","slug":"verwandte-projekte","status":"publish","type":"page","link":"https:\/\/grc-essentials.eu\/de\/verwandte-projekte\/","title":{"rendered":"Verwandte Projekte"},"content":{"rendered":"\t\t<div data-elementor-type=\"wp-page\" data-elementor-id=\"10829\" class=\"elementor elementor-10829 elementor-10796\" data-elementor-post-type=\"page\">\n\t\t\t\t<div class=\"elementor-element elementor-element-a58ae1e e-con-full e-flex e-con e-parent\" data-id=\"a58ae1e\" data-element_type=\"container\" data-e-type=\"container\">\n\t\t<div class=\"elementor-element elementor-element-fffba0d e-flex e-con-boxed e-con e-child\" data-id=\"fffba0d\" data-element_type=\"container\" data-e-type=\"container\">\n\t\t\t\t\t<div class=\"e-con-inner\">\n\t\t\t\t<div class=\"elementor-element elementor-element-68596a9 elementor-widget elementor-widget-heading\" data-id=\"68596a9\" data-element_type=\"widget\" data-e-type=\"widget\" data-widget_type=\"heading.default\">\n\t\t\t\t\t<h2 class=\"elementor-heading-title elementor-size-default\">\u00c4hnliche Projekte<\/h2>\t\t\t\t<\/div>\n\t\t\t\t<div class=\"elementor-element elementor-element-850c3f1 elementor-widget elementor-widget-pp-advanced-accordion\" data-id=\"850c3f1\" data-element_type=\"widget\" data-e-type=\"widget\" data-settings=\"{&quot;accordion_type&quot;:&quot;accordion&quot;,&quot;toggle_speed&quot;:300}\" data-widget_type=\"pp-advanced-accordion.default\">\n\t\t\t\t\t\t\t<div class=\"pp-advanced-accordion pp-toggle-icon-align-right\" id=\"pp-advanced-accordion-850c3f1\" data-accordion-id=\"850c3f1\" role=\"tablist\">\n\t\t\t\t\t\t\t<div class=\"pp-accordion-item\">\n\t\t\t\t\t<div id=\"pp-accordion-tab-title-139-1\" class=\"pp-accordion-tab-title\" tabindex=\"0\" data-tab=\"1\" role=\"tab\" aria-controls=\"pp-accordion-tab-content-139-1\" aria-expanded=\"false\">\n\t\t\t\t\t\t<span class=\"pp-accordion-title-icon\">\n\t\t\t\t\t\t\t\t\t\t\t\t\t\t\t<span class=\"pp-accordion-tab-icon pp-icon\">\n\t\t\t\t\t\t\t\t\t<i aria-hidden=\"true\" class=\"fas fa-project-diagram\"><\/i>\t\t\t\t\t\t\t\t<\/span>\n\t\t\t\t\t\t\t\t\t\t\t\t\t\t<span class=\"pp-accordion-title-text\">\n\t\t\t\t\t\t\t\tSoftAware\t\t\t\t\t\t\t<\/span>\n\t\t\t\t\t\t<\/span>\n\t\t\t\t\t\t\t\t\t\t\t\t\t<div class=\"pp-accordion-toggle-icon\">\n\t\t\t\t\t\t\t\t\t\t\t\t\t\t\t\t\t<span class='pp-accordion-toggle-icon-close pp-icon'>\n\t\t\t\t\t\t\t\t\t\t<i aria-hidden=\"true\" class=\"fas fa-plus\"><\/i>\t\t\t\t\t\t\t\t\t<\/span>\n\t\t\t\t\t\t\t\t\t\t\t\t\t\t\t\t\t\t\t\t\t\t\t\t\t<span class='pp-accordion-toggle-icon-open pp-icon'>\n\t\t\t\t\t\t\t\t\t\t<i aria-hidden=\"true\" class=\"fas fa-minus\"><\/i>\t\t\t\t\t\t\t\t\t<\/span>\n\t\t\t\t\t\t\t\t\t\t\t\t\t\t\t<\/div>\n\t\t\t\t\t\t\t\t\t\t\t<\/div>\n\n\t\t\t\t\t<div id=\"pp-accordion-tab-content-139-1\" class=\"pp-accordion-tab-content\" data-tab=\"1\" role=\"tabpanel\" aria-labelledby=\"pp-accordion-tab-title-139-1\">\n\t\t\t\t\t\t<p><span style=\"color: #993366;\"><a style=\"color: #993366;\" href=\"https:\/\/softaware-project.eu\/\" target=\"_blank\" rel=\"noopener\">www.softaware-project.eu<\/a><\/span><\/p><p>Das Projekt zielte darauf ab, eine transnationale Partnerschaft zwischen den wichtigsten Akteuren zu schaffen, die f\u00fcr die F\u00f6rderung von IT-Fachkr\u00e4ften in Europa zust\u00e4ndig sind, insbesondere Hochschulen, Forschungszentren, Arbeitgeber, Berufsverb\u00e4nde, Sozialpartner, Berufsbildungsanbieter und KMU. Die Entwicklung von Software-Talenten in ganz Europa soll durch die kontinuierliche Aktualisierung von Curricula unterst\u00fctzt werden. Im Rahmen des Projekts wurden drei Online-Kurse entwickelt, einer davon ist der &#8222;Software Project Management Kurs&#8220;.<\/p>\t\t\t\t\t<\/div>\n\t\t\t\t<\/div>\n\t\t\t\t\t\t\t<div class=\"pp-accordion-item\">\n\t\t\t\t\t<div id=\"pp-accordion-tab-title-139-2\" class=\"pp-accordion-tab-title\" tabindex=\"0\" data-tab=\"2\" role=\"tab\" aria-controls=\"pp-accordion-tab-content-139-2\" aria-expanded=\"false\">\n\t\t\t\t\t\t<span class=\"pp-accordion-title-icon\">\n\t\t\t\t\t\t\t\t\t\t\t\t\t\t\t<span class=\"pp-accordion-tab-icon pp-icon\">\n\t\t\t\t\t\t\t\t\t<i aria-hidden=\"true\" class=\"fas fa-project-diagram\"><\/i>\t\t\t\t\t\t\t\t<\/span>\n\t\t\t\t\t\t\t\t\t\t\t\t\t\t<span class=\"pp-accordion-title-text\">\n\t\t\t\t\t\t\t\tCASSANDRA\t\t\t\t\t\t\t<\/span>\n\t\t\t\t\t\t<\/span>\n\t\t\t\t\t\t\t\t\t\t\t\t\t<div class=\"pp-accordion-toggle-icon\">\n\t\t\t\t\t\t\t\t\t\t\t\t\t\t\t\t\t<span class='pp-accordion-toggle-icon-close pp-icon'>\n\t\t\t\t\t\t\t\t\t\t<i aria-hidden=\"true\" class=\"fas fa-plus\"><\/i>\t\t\t\t\t\t\t\t\t<\/span>\n\t\t\t\t\t\t\t\t\t\t\t\t\t\t\t\t\t\t\t\t\t\t\t\t\t<span class='pp-accordion-toggle-icon-open pp-icon'>\n\t\t\t\t\t\t\t\t\t\t<i aria-hidden=\"true\" class=\"fas fa-minus\"><\/i>\t\t\t\t\t\t\t\t\t<\/span>\n\t\t\t\t\t\t\t\t\t\t\t\t\t\t\t<\/div>\n\t\t\t\t\t\t\t\t\t\t\t<\/div>\n\n\t\t\t\t\t<div id=\"pp-accordion-tab-content-139-2\" class=\"pp-accordion-tab-content\" data-tab=\"2\" role=\"tabpanel\" aria-labelledby=\"pp-accordion-tab-title-139-2\">\n\t\t\t\t\t\t<p><span style=\"color: #993366;\"><a style=\"color: #993366;\" href=\"https:\/\/cassandra-resilience.eu\/moodle\/\" target=\"_blank\" rel=\"noopener\">www.cassandra-resilience.eu<\/a><\/span><\/p><p>Kleine und mittlere Unternehmen (KMU) ben\u00f6tigen einen praktischen Ansatz, um sich das notwendige Wissen zum Thema Risikomanagement anzueignen und es ohne Umwege direkt anzuwenden. Das soll m\u00f6glichst schnell gehen und wenig kosten. Wer sich auf der Basis von GRCEssentials umfassender mit dem Bereich Risikomanagement befassen m\u00f6chte, sollte das kostenfreie und leicht verst\u00e4ndliche CASSANDRA-Handbuch zu Rate ziehen.<\/p>\t\t\t\t\t<\/div>\n\t\t\t\t<\/div>\n\t\t\t\t\t\t\t<div class=\"pp-accordion-item\">\n\t\t\t\t\t<div id=\"pp-accordion-tab-title-139-3\" class=\"pp-accordion-tab-title\" tabindex=\"0\" data-tab=\"3\" role=\"tab\" aria-controls=\"pp-accordion-tab-content-139-3\" aria-expanded=\"false\">\n\t\t\t\t\t\t<span class=\"pp-accordion-title-icon\">\n\t\t\t\t\t\t\t\t\t\t\t\t\t\t\t<span class=\"pp-accordion-tab-icon pp-icon\">\n\t\t\t\t\t\t\t\t\t<i aria-hidden=\"true\" class=\"fas fa-project-diagram\"><\/i>\t\t\t\t\t\t\t\t<\/span>\n\t\t\t\t\t\t\t\t\t\t\t\t\t\t<span class=\"pp-accordion-title-text\">\n\t\t\t\t\t\t\t\tDigitalisation\t\t\t\t\t\t\t<\/span>\n\t\t\t\t\t\t<\/span>\n\t\t\t\t\t\t\t\t\t\t\t\t\t<div class=\"pp-accordion-toggle-icon\">\n\t\t\t\t\t\t\t\t\t\t\t\t\t\t\t\t\t<span class='pp-accordion-toggle-icon-close pp-icon'>\n\t\t\t\t\t\t\t\t\t\t<i aria-hidden=\"true\" class=\"fas fa-plus\"><\/i>\t\t\t\t\t\t\t\t\t<\/span>\n\t\t\t\t\t\t\t\t\t\t\t\t\t\t\t\t\t\t\t\t\t\t\t\t\t<span class='pp-accordion-toggle-icon-open pp-icon'>\n\t\t\t\t\t\t\t\t\t\t<i aria-hidden=\"true\" class=\"fas fa-minus\"><\/i>\t\t\t\t\t\t\t\t\t<\/span>\n\t\t\t\t\t\t\t\t\t\t\t\t\t\t\t<\/div>\n\t\t\t\t\t\t\t\t\t\t\t<\/div>\n\n\t\t\t\t\t<div id=\"pp-accordion-tab-content-139-3\" class=\"pp-accordion-tab-content\" data-tab=\"3\" role=\"tabpanel\" aria-labelledby=\"pp-accordion-tab-title-139-3\">\n\t\t\t\t\t\t<p><span style=\"color: #993366;\"><a style=\"color: #993366;\" href=\"http:\/\/digital-transformation-tool.eu\" target=\"_blank\" rel=\"noopener\">www.digital-transformation-tool.eu<\/a><\/span><\/p><p>Die \u00c4ra der digitalen Transformation ver\u00e4ndert unsere Welt \u2013 \u00fcber Jahrzehnte etablierte Gesch\u00e4ftsmodelle verschwinden einfach. Jetzt nichts zu tun, ist f\u00fcr jedes Unternehmen existenzbedrohend. Lernen Sie, die Chancen der digitalen Transformation zu nutzen und mit ihren Risiken aktiv umzugehen. Die Ergebnisse des EU-Projektes \u201eDigitalisation\u201c unterst\u00fctzen Sie dabei, Ihr GRC-System fit f\u00fcr das digitale Zeitalter zu machen.<\/p>\t\t\t\t\t<\/div>\n\t\t\t\t<\/div>\n\t\t\t\t\t\t\t<div class=\"pp-accordion-item\">\n\t\t\t\t\t<div id=\"pp-accordion-tab-title-139-4\" class=\"pp-accordion-tab-title\" tabindex=\"0\" data-tab=\"4\" role=\"tab\" aria-controls=\"pp-accordion-tab-content-139-4\" aria-expanded=\"false\">\n\t\t\t\t\t\t<span class=\"pp-accordion-title-icon\">\n\t\t\t\t\t\t\t\t\t\t\t\t\t\t\t<span class=\"pp-accordion-tab-icon pp-icon\">\n\t\t\t\t\t\t\t\t\t<i aria-hidden=\"true\" class=\"fas fa-project-diagram\"><\/i>\t\t\t\t\t\t\t\t<\/span>\n\t\t\t\t\t\t\t\t\t\t\t\t\t\t<span class=\"pp-accordion-title-text\">\n\t\t\t\t\t\t\t\tEuropeanisation\t\t\t\t\t\t\t<\/span>\n\t\t\t\t\t\t<\/span>\n\t\t\t\t\t\t\t\t\t\t\t\t\t<div class=\"pp-accordion-toggle-icon\">\n\t\t\t\t\t\t\t\t\t\t\t\t\t\t\t\t\t<span class='pp-accordion-toggle-icon-close pp-icon'>\n\t\t\t\t\t\t\t\t\t\t<i aria-hidden=\"true\" class=\"fas fa-plus\"><\/i>\t\t\t\t\t\t\t\t\t<\/span>\n\t\t\t\t\t\t\t\t\t\t\t\t\t\t\t\t\t\t\t\t\t\t\t\t\t<span class='pp-accordion-toggle-icon-open pp-icon'>\n\t\t\t\t\t\t\t\t\t\t<i aria-hidden=\"true\" class=\"fas fa-minus\"><\/i>\t\t\t\t\t\t\t\t\t<\/span>\n\t\t\t\t\t\t\t\t\t\t\t\t\t\t\t<\/div>\n\t\t\t\t\t\t\t\t\t\t\t<\/div>\n\n\t\t\t\t\t<div id=\"pp-accordion-tab-content-139-4\" class=\"pp-accordion-tab-content\" data-tab=\"4\" role=\"tabpanel\" aria-labelledby=\"pp-accordion-tab-title-139-4\">\n\t\t\t\t\t\t<p><span style=\"color: #993366;\"><a style=\"color: #993366;\" href=\"http:\/\/www.europeanisation.eu\/\" target=\"_blank\" rel=\"noopener\">www.europeanisation.eu<\/a><\/span><\/p><p>Organisationen durchlaufen verschiedene Entwicklungsphasen, bis sie erfolgreich international t\u00e4tig sind. Im Zuge ihrer Europ\u00e4isierung bzw. Internationalisierung entwickeln sie eine Vision und eine Strategie f\u00fcr ihre europ\u00e4ische Arbeit. Sie bauen ihr europ\u00e4isches Netzwerk und ihre Kompetenzen f\u00fcr transnationale Aktivit\u00e4ten aus, um diese schlie\u00dflich professionell mit internationalen Partnern umzusetzen. Wer sein T\u00e4tigkeitsfeld \u00fcber die nationalen Grenzen ins europ\u00e4ische Ausland ausweiten m\u00f6chte, der findet mit dem mehrfach ausgezeichneten Online-Selbstanalyse-Tool des EU-Projekts \u201eEuropeanisation\u201c eine perfekte Erg\u00e4nzung zu GRCEssentials.<\/p>\t\t\t\t\t<\/div>\n\t\t\t\t<\/div>\n\t\t\t\t\t\t\t<div class=\"pp-accordion-item\">\n\t\t\t\t\t<div id=\"pp-accordion-tab-title-139-5\" class=\"pp-accordion-tab-title\" tabindex=\"0\" data-tab=\"5\" role=\"tab\" aria-controls=\"pp-accordion-tab-content-139-5\" aria-expanded=\"false\">\n\t\t\t\t\t\t<span class=\"pp-accordion-title-icon\">\n\t\t\t\t\t\t\t\t\t\t\t\t\t\t\t<span class=\"pp-accordion-tab-icon pp-icon\">\n\t\t\t\t\t\t\t\t\t<i aria-hidden=\"true\" class=\"fas fa-project-diagram\"><\/i>\t\t\t\t\t\t\t\t<\/span>\n\t\t\t\t\t\t\t\t\t\t\t\t\t\t<span class=\"pp-accordion-title-text\">\n\t\t\t\t\t\t\t\tINCLUDE \u2013 Inclusive Leadership in the digital age\t\t\t\t\t\t\t<\/span>\n\t\t\t\t\t\t<\/span>\n\t\t\t\t\t\t\t\t\t\t\t\t\t<div class=\"pp-accordion-toggle-icon\">\n\t\t\t\t\t\t\t\t\t\t\t\t\t\t\t\t\t<span class='pp-accordion-toggle-icon-close pp-icon'>\n\t\t\t\t\t\t\t\t\t\t<i aria-hidden=\"true\" class=\"fas fa-plus\"><\/i>\t\t\t\t\t\t\t\t\t<\/span>\n\t\t\t\t\t\t\t\t\t\t\t\t\t\t\t\t\t\t\t\t\t\t\t\t\t<span class='pp-accordion-toggle-icon-open pp-icon'>\n\t\t\t\t\t\t\t\t\t\t<i aria-hidden=\"true\" class=\"fas fa-minus\"><\/i>\t\t\t\t\t\t\t\t\t<\/span>\n\t\t\t\t\t\t\t\t\t\t\t\t\t\t\t<\/div>\n\t\t\t\t\t\t\t\t\t\t\t<\/div>\n\n\t\t\t\t\t<div id=\"pp-accordion-tab-content-139-5\" class=\"pp-accordion-tab-content\" data-tab=\"5\" role=\"tabpanel\" aria-labelledby=\"pp-accordion-tab-title-139-5\">\n\t\t\t\t\t\t<p><span style=\"color: #993366;\"><a style=\"color: #993366;\" href=\"https:\/\/www.emcra.eu\/en\/projects\/INCLUDE\/\" target=\"_blank\" rel=\"noopener\">www.emcra.eu\/en\/projects\/INCLUDE\/ <\/a><\/span><\/p><p>Viele F\u00fchrungskr\u00e4fte in kleinen und mittleren Unternehmen (KMU), kleinen und mittleren Organisationen (KMO) und in Start-ups stehen vor einem Dilemma. Sie fragen sich: Wie kann ich meine Organisation leiten, wenn ich selbst keineswegs sicher bin, wohin die digitale Reise geht? Wie k\u00f6nnen wir die Zukunft unserer Organisation erfolgreich zusammen gestalten? Die Ergebnisse des INCLUDE-Projektes unterst\u00fctzen Sie dabei, Ihre Organisation oder Ihr Unternehmen so weiterzuentwickeln, dass Sie im digitalen Zeitalter mithalten k\u00f6nnen. Lernen Sie, wie Sie mehr Selbstorganisation und Agilit\u00e4t in Ihrer Organisation etablieren, ohne auf den festen Rahmen Ihrer GRCEssentials zu verzichten.<\/p>\t\t\t\t\t<\/div>\n\t\t\t\t<\/div>\n\t\t\t\t\t\t\t<div class=\"pp-accordion-item\">\n\t\t\t\t\t<div id=\"pp-accordion-tab-title-139-6\" class=\"pp-accordion-tab-title\" tabindex=\"0\" data-tab=\"6\" role=\"tab\" aria-controls=\"pp-accordion-tab-content-139-6\" aria-expanded=\"false\">\n\t\t\t\t\t\t<span class=\"pp-accordion-title-icon\">\n\t\t\t\t\t\t\t\t\t\t\t\t\t\t\t<span class=\"pp-accordion-tab-icon pp-icon\">\n\t\t\t\t\t\t\t\t\t<i aria-hidden=\"true\" class=\"fas fa-project-diagram\"><\/i>\t\t\t\t\t\t\t\t<\/span>\n\t\t\t\t\t\t\t\t\t\t\t\t\t\t<span class=\"pp-accordion-title-text\">\n\t\t\t\t\t\t\t\tP3.express\t\t\t\t\t\t\t<\/span>\n\t\t\t\t\t\t<\/span>\n\t\t\t\t\t\t\t\t\t\t\t\t\t<div class=\"pp-accordion-toggle-icon\">\n\t\t\t\t\t\t\t\t\t\t\t\t\t\t\t\t\t<span class='pp-accordion-toggle-icon-close pp-icon'>\n\t\t\t\t\t\t\t\t\t\t<i aria-hidden=\"true\" class=\"fas fa-plus\"><\/i>\t\t\t\t\t\t\t\t\t<\/span>\n\t\t\t\t\t\t\t\t\t\t\t\t\t\t\t\t\t\t\t\t\t\t\t\t\t<span class='pp-accordion-toggle-icon-open pp-icon'>\n\t\t\t\t\t\t\t\t\t\t<i aria-hidden=\"true\" class=\"fas fa-minus\"><\/i>\t\t\t\t\t\t\t\t\t<\/span>\n\t\t\t\t\t\t\t\t\t\t\t\t\t\t\t<\/div>\n\t\t\t\t\t\t\t\t\t\t\t<\/div>\n\n\t\t\t\t\t<div id=\"pp-accordion-tab-content-139-6\" class=\"pp-accordion-tab-content\" data-tab=\"6\" role=\"tabpanel\" aria-labelledby=\"pp-accordion-tab-title-139-6\">\n\t\t\t\t\t\t<p><span style=\"color: #993366;\"><a style=\"color: #993366;\" href=\"https:\/\/p3.express\/\" target=\"_blank\" rel=\"noopener\">www.p3.express<\/a><\/span><\/p><p>P3.express ist ein einfaches, minimalistisches und praktisches Projektmanagementsystem. Es ist einfach zu erlernen und einfach zu nutzen. Stellen Sie sich alle Personen vor, die Excel nutzen. Was passiert, wenn man Excel gegen eine Programmiersprache austauschen w\u00fcrden? Die meisten Menschen k\u00f6nnten es nicht mehr nutzen &#8211; obwohl eine Programmiersprache nat\u00fcrlich viel mehr Funktionen als Excel h\u00e4tte. Aber es w\u00e4re zu kompliziert. Alle international verbreiteten Projektmanagementsysteme sind wie Programmiersprachen aufgebaut. Das was die meisten Projektmanager aber tats\u00e4chlich brauchen, ist ein einfacheres System, das eher wie Excel funktioniert. P3.express ist genau dieses einfache Tool f\u00fcr alle. Zusammen mit der Lerneinheit zu Project Government im GRCEssentials Online-Kurs haben Sie mit P3.express alles, was Sie f\u00fcr gutes Projektmanagement ben\u00f6tigen.<\/p>\t\t\t\t\t<\/div>\n\t\t\t\t<\/div>\n\t\t\t\t\t<\/div>\n\t\t\t\t\t\t<\/div>\n\t\t\t\t\t<\/div>\n\t\t\t\t<\/div>\n\t\t\t\t<\/div>\n\t\t\t\t<\/div>\n\t\t","protected":false},"excerpt":{"rendered":"<p>\u00c4hnliche Projekte SoftAware www.softaware-project.eu Das Projekt zielte darauf ab, eine<span class=\"more-button\"><a href=\"https:\/\/grc-essentials.eu\/de\/verwandte-projekte\/\" class=\"more-link\">Continue reading<span class=\"screen-reader-text\">Verwandte Projekte<\/span><\/a><\/span><\/p>\n","protected":false},"author":1,"featured_media":0,"parent":0,"menu_order":0,"comment_status":"closed","ping_status":"closed","template":"elementor_header_footer","meta":{"footnotes":""},"class_list":["post-10829","page","type-page","status-publish","hentry"],"_links":{"self":[{"href":"https:\/\/grc-essentials.eu\/de\/wp-json\/wp\/v2\/pages\/10829","targetHints":{"allow":["GET"]}}],"collection":[{"href":"https:\/\/grc-essentials.eu\/de\/wp-json\/wp\/v2\/pages"}],"about":[{"href":"https:\/\/grc-essentials.eu\/de\/wp-json\/wp\/v2\/types\/page"}],"author":[{"embeddable":true,"href":"https:\/\/grc-essentials.eu\/de\/wp-json\/wp\/v2\/users\/1"}],"replies":[{"embeddable":true,"href":"https:\/\/grc-essentials.eu\/de\/wp-json\/wp\/v2\/comments?post=10829"}],"version-history":[{"count":6,"href":"https:\/\/grc-essentials.eu\/de\/wp-json\/wp\/v2\/pages\/10829\/revisions"}],"predecessor-version":[{"id":13043,"href":"https:\/\/grc-essentials.eu\/de\/wp-json\/wp\/v2\/pages\/10829\/revisions\/13043"}],"wp:attachment":[{"href":"https:\/\/grc-essentials.eu\/de\/wp-json\/wp\/v2\/media?parent=10829"}],"curies":[{"name":"wp","href":"https:\/\/api.w.org\/{rel}","templated":true}]}}